{"id":12,"date":"2017-01-14T17:31:52","date_gmt":"2017-01-14T17:31:52","guid":{"rendered":"http:\/\/cellieu.fr\/press3\/cdf\/?page_id=12"},"modified":"2017-02-09T23:19:47","modified_gmt":"2017-02-09T22:19:47","slug":"evenements","status":"publish","type":"page","link":"https:\/\/cellieu.fr\/press3\/cdf\/evenements\/","title":{"rendered":"Ev\u00e9nements"},"content":{"rendered":"<h1>Prochainement<\/h1>\n<h2><a href=\"http:\/\/cellieu.fr\/press3\/cdf\/wp-content\/uploads\/sites\/11\/2017\/01\/2017-fete_region_carte.png\"><img loading=\"lazy\" decoding=\"async\" class=\"aligncenter size-thumbnail wp-image-115\" src=\"https:\/\/cellieu.fr\/press3\/cdf\/wp-content\/uploads\/sites\/11\/2017\/01\/2017-fete_region_carte-150x150.png\" alt=\"\" width=\"150\" height=\"150\" srcset=\"https:\/\/cellieu.fr\/press3\/cdf\/wp-content\/uploads\/sites\/11\/2017\/01\/2017-fete_region_carte-150x150.png 150w, https:\/\/cellieu.fr\/press3\/cdf\/wp-content\/uploads\/sites\/11\/2017\/01\/2017-fete_region_carte-144x144.png 144w\" sizes=\"auto, (max-width: 150px) 100vw, 150px\" \/><\/a>F\u00eate du centre de la R\u00e9gion AURA<\/h2>\n<p>&nbsp;<\/p>\n<ul>\n<li>Date : les Samedi 1 (14h &#8211; 22h) et Dimanche 2 juillet 2017 (10h &#8211; 18h)<\/li>\n<li>Lieu : Tout le village de Cellieu<\/li>\n<li>Programme : de nombreux exposants, des animations, et une nocturne jusqu&rsquo;\u00e0 22h le samedi.<\/li>\n<li>Entr\u00e9es, Parkings et Navettes gratuits.<\/li>\n<li>Organisation :\n<ul>\n<li>Vous \u00eates Cellieutaire : venez participer aux r\u00e9unions et \u00e0 l&rsquo;organisation.<\/li>\n<li>Vous \u00eates un artisan : venez exposer et nous parler de vos cr\u00e9ations.<\/li>\n<li>Vous \u00eates chanteur, danseur, jongleur, magicien : venez nous faire r\u00eaver.<\/li>\n<li>Vous \u00eates une entreprise : venez promouvoir vos produits.<\/li>\n<\/ul>\n<\/li>\n<li>Contact : Pour toutes informations, participations, r\u00e9servations, propositions : <a href=\"mailto:FeteRegion@cellieu.fr\">FeteRegion@cellieu.fr<\/a><\/li>\n<\/ul>\n<h3><\/h3>\n<h3>Vous pouvez t\u00e9l\u00e9charger :<\/h3>\n<ul>\n<li>la plaquette : <a href=\"http:\/\/cellieu.fr\/press3\/cdf\/wp-content\/uploads\/sites\/11\/2017\/01\/2017-01-24-presentation_fete_region_fin_web.pdf\" target=\"_blank\">ici<\/a><\/li>\n<li>le r\u00e8glement : <a href=\"http:\/\/cellieu.fr\/press3\/cdf\/wp-content\/uploads\/sites\/11\/2017\/01\/fete_region_aura_reglement.pdf\" target=\"_blank\">ici<\/a><\/li>\n<li>le bulletin d&rsquo;inscription :\u00a0<a href=\"http:\/\/cellieu.fr\/press3\/cdf\/wp-content\/uploads\/sites\/11\/2017\/01\/fete_region_aura_bulletin_inscription.pdf\" target=\"_blank\">ici<\/a><\/li>\n<li>l&rsquo;interview sur Radio Scoop Auvergne : <a href=\"http:\/\/www.radioscoop.com\/dyn\/dl.php?mid=263896\" target=\"_blank\">ici<\/a><\/li>\n<\/ul>\n<h3><\/h3>\n<h3>La plaquette dynamique :<\/h3>\n<a href=\"https:\/\/cellieu.fr\/press3\/cdf\/wp-content\/uploads\/sites\/11\/2017\/01\/2017-01-24-presentation_fete_region_fin_web.pdf\" class=\"pdfemb-viewer\" style=\"\" data-width=\"max\" data-height=\"max\" data-toolbar=\"bottom\" data-toolbar-fixed=\"off\">2017-01-24-presentation_fete_region_fin_web<\/a>\n<p>&nbsp;<\/p>\n<h1>\u00a0Comment venir ?<\/h1>\n<p>Autoroute A47, sortie 13 (La Grand-Croix), puis direction Cellieu<br \/>\n(Cliquer sur la carte \u00e0 droite pour avoir votre itin\u00e9raire complet)<\/p>\n<table>\n<tbody>\n<tr>\n<td style=\"width: 130px;\">N\u00b0 D\u00e9partement<\/td>\n<td style=\"width: 100px;\">D\u00e9partement<\/td>\n<td style=\"width: 150px;\">Pr\u00e9fecture<\/td>\n<td style=\"width: 40px;\">Distance (Km)<\/td>\n<td style=\"width: 50px;\">Temps de trajet<\/td>\n<\/tr>\n<tr>\n<td>1<\/td>\n<td>Ain<\/td>\n<td>Bourg-en-Bresse<\/td>\n<td>125<\/td>\n<td>1h30<\/td>\n<\/tr>\n<tr>\n<td>3<\/td>\n<td>Allier<\/td>\n<td>Moulins<\/td>\n<td>190<\/td>\n<td>2h20<\/td>\n<\/tr>\n<tr>\n<td>7<\/td>\n<td>Ard\u00e8che<\/td>\n<td>Privas<\/td>\n<td>150<\/td>\n<td>1h40<\/td>\n<\/tr>\n<tr>\n<td>15<\/td>\n<td>Cantal<\/td>\n<td>Aurillac<\/td>\n<td>260<\/td>\n<td>3h20<\/td>\n<\/tr>\n<tr>\n<td>26<\/td>\n<td>Dr\u00f4me<\/td>\n<td>Valence<\/td>\n<td>110<\/td>\n<td>1h10<\/td>\n<\/tr>\n<tr>\n<td>38<\/td>\n<td>Is\u00e8re<\/td>\n<td>Grenoble<\/td>\n<td>140<\/td>\n<td>1h30<\/td>\n<\/tr>\n<tr>\n<td>42<\/td>\n<td>Loire<\/td>\n<td>Saint-\u00c9tienne<\/td>\n<td>20<\/td>\n<td>0h15<\/td>\n<\/tr>\n<tr>\n<td>43<\/td>\n<td>Haute-Loire<\/td>\n<td>Le Puy-en-Velay<\/td>\n<td>100<\/td>\n<td>1h10<\/td>\n<\/tr>\n<tr>\n<td>63<\/td>\n<td>Puy-de-D\u00f4me<\/td>\n<td>Clermont-Ferrand<\/td>\n<td>170<\/td>\n<td>1h40<\/td>\n<\/tr>\n<tr>\n<td>69<\/td>\n<td>Rh\u00f4ne<\/td>\n<td>Lyon<\/td>\n<td>40<\/td>\n<td>0h30<\/td>\n<\/tr>\n<tr>\n<td>73<\/td>\n<td>Savoie<\/td>\n<td>Chamb\u00e9ry<\/td>\n<td>140<\/td>\n<td>1h30<\/td>\n<\/tr>\n<tr>\n<td>74<\/td>\n<td>Haute-Savoie<\/td>\n<td>Annecy<\/td>\n<td>170<\/td>\n<td>1h50<\/td>\n<\/tr>\n<\/tbody>\n<\/table>\n<p><a href=\"http:\/\/cellieu.fr\/press3\/cdf\/wp-content\/uploads\/sites\/11\/2017\/01\/2016-01-29-region_prefectures.png\"><img loading=\"lazy\" decoding=\"async\" class=\"aligncenter wp-image-132 size-large\" src=\"https:\/\/cellieu.fr\/press3\/cdf\/wp-content\/uploads\/sites\/11\/2017\/01\/2016-01-29-region_prefectures-1024x683.png\" width=\"700\" height=\"467\" srcset=\"https:\/\/cellieu.fr\/press3\/cdf\/wp-content\/uploads\/sites\/11\/2017\/01\/2016-01-29-region_prefectures-1024x683.png 1024w, https:\/\/cellieu.fr\/press3\/cdf\/wp-content\/uploads\/sites\/11\/2017\/01\/2016-01-29-region_prefectures-300x200.png 300w, https:\/\/cellieu.fr\/press3\/cdf\/wp-content\/uploads\/sites\/11\/2017\/01\/2016-01-29-region_prefectures-768x512.png 768w, https:\/\/cellieu.fr\/press3\/cdf\/wp-content\/uploads\/sites\/11\/2017\/01\/2016-01-29-region_prefectures.png 1114w\" sizes=\"auto, (max-width: 700px) 100vw, 700px\" \/><\/a><\/p>\n","protected":false},"excerpt":{"rendered":"<p>Prochainement F\u00eate du centre de la R\u00e9gion AURA &nbsp; Date : les Samedi 1 (14h &#8211; 22h) et Dimanche 2 juillet 2017 (10h &#8211; 18h) Lieu : Tout le village de Cellieu Programme : de nombreux exposants, des animations, et une nocturne jusqu&rsquo;\u00e0 22h le samedi. Entr\u00e9es, Parkings et Navettes gratuits. Organisation : Vous \u00eates &#8230;<br \/><a class=\"btn btn-primary btn-sm read-more\" href=\"https:\/\/cellieu.fr\/press3\/cdf\/evenements\/\" role=\"button\">Read more<\/a><\/p>\n","protected":false},"author":1,"featured_media":0,"parent":0,"menu_order":0,"comment_status":"closed","ping_status":"closed","template":"","meta":{"footnotes":""},"class_list":["post-12","page","type-page","status-publish","hentry","row panel panel-primary"],"jetpack_sharing_enabled":true,"_links":{"self":[{"href":"https:\/\/cellieu.fr\/press3\/cdf\/wp-json\/wp\/v2\/pages\/12","targetHints":{"allow":["GET"]}}],"collection":[{"href":"https:\/\/cellieu.fr\/press3\/cdf\/wp-json\/wp\/v2\/pages"}],"about":[{"href":"https:\/\/cellieu.fr\/press3\/cdf\/wp-json\/wp\/v2\/types\/page"}],"author":[{"embeddable":true,"href":"https:\/\/cellieu.fr\/press3\/cdf\/wp-json\/wp\/v2\/users\/1"}],"replies":[{"embeddable":true,"href":"https:\/\/cellieu.fr\/press3\/cdf\/wp-json\/wp\/v2\/comments?post=12"}],"version-history":[{"count":34,"href":"https:\/\/cellieu.fr\/press3\/cdf\/wp-json\/wp\/v2\/pages\/12\/revisions"}],"predecessor-version":[{"id":151,"href":"https:\/\/cellieu.fr\/press3\/cdf\/wp-json\/wp\/v2\/pages\/12\/revisions\/151"}],"wp:attachment":[{"href":"https:\/\/cellieu.fr\/press3\/cdf\/wp-json\/wp\/v2\/media?parent=12"}],"curies":[{"name":"wp","href":"https:\/\/api.w.org\/{rel}","templated":true}]}}