{"id":7,"date":"2017-01-14T17:31:07","date_gmt":"2017-01-14T17:31:07","guid":{"rendered":"http:\/\/cellieu.fr\/press3\/cdf\/?page_id=7"},"modified":"2017-01-24T20:33:57","modified_gmt":"2017-01-24T20:33:57","slug":"historique","status":"publish","type":"page","link":"https:\/\/cellieu.fr\/press3\/cdf\/historique\/","title":{"rendered":"Historique"},"content":{"rendered":"<p>La Commission Animation de la Mairie \u00e9tait en charge de l&rsquo;organisation d&rsquo;\u00e9v\u00e9nements sur la commune.<\/p>\n<ul>\n<li>14 juillet 1986 : Bal d&rsquo;\u00e9t\u00e9<\/li>\n<li>31 d\u00e9cembre 1986 : R\u00e9veillon de la St Sylvestre<\/li>\n<li>1987 : Am\u00e9nagement d&rsquo;un bar au stade des roches<\/li>\n<li>1987 : Sonorisation de la salle polyvalente<\/li>\n<li>14 mars 1987 : Orchestre bolivien : \u00ab\u00a0Les chouquipu\u00a0\u00bb<\/li>\n<li>22 aout 1987 : Bal de la commission<\/li>\n<li>27 aout 1987 : Kermesse du village<\/li>\n<li>3 octobre 1987 : Soir\u00e9e Ren\u00e9 Ballet<\/li>\n<li>31 d\u00e9cembre 1987 : R\u00e9veillon de la St Sylvestre (197 personnes)<\/li>\n<li>&#8230;.<\/li>\n<li>28-29 Octobre 1989 : Exposition sur le th\u00e8me \u00ab\u00a0Evolution du cadre de vie\u00a0\u00bb<\/li>\n<\/ul>\n<p><a href=\"http:\/\/cellieu.fr\/press3\/cdf\/wp-content\/uploads\/sites\/11\/2017\/01\/1998_exposition.jpg\"><img loading=\"lazy\" decoding=\"async\" class=\"aligncenter wp-image-74 size-medium\" src=\"https:\/\/cellieu.fr\/press3\/cdf\/wp-content\/uploads\/sites\/11\/2017\/01\/1998_exposition-300x211.jpg\" width=\"300\" height=\"211\" srcset=\"https:\/\/cellieu.fr\/press3\/cdf\/wp-content\/uploads\/sites\/11\/2017\/01\/1998_exposition-300x211.jpg 300w, https:\/\/cellieu.fr\/press3\/cdf\/wp-content\/uploads\/sites\/11\/2017\/01\/1998_exposition-768x539.jpg 768w, https:\/\/cellieu.fr\/press3\/cdf\/wp-content\/uploads\/sites\/11\/2017\/01\/1998_exposition-1024x719.jpg 1024w, https:\/\/cellieu.fr\/press3\/cdf\/wp-content\/uploads\/sites\/11\/2017\/01\/1998_exposition.jpg 1683w\" sizes=\"auto, (max-width: 300px) 100vw, 300px\" \/><\/a><\/p>\n<p>&nbsp;<\/p>\n<p>Fin 1989, la Commission Animation de la Mairie devient Le Comit\u00e9 des F\u00eates de Cellieu, qui permet de mutualiser les ressources humaines des diff\u00e9rentes associations.<\/p>\n<ul>\n<li>24 juin 1990 : 1\u00e8re F\u00eate de la Cerise<\/li>\n<li>29 juin 1991 : Course Cycliste<\/li>\n<\/ul>\n<div class=\"tiled-gallery type-rectangular tiled-gallery-unresized\" data-original-width=\"700\" data-carousel-extra='null' itemscope itemtype=\"http:\/\/schema.org\/ImageGallery\" > <div class=\"gallery-row\" style=\"width: 700px; height: 270px;\" data-original-width=\"700\" data-original-height=\"270\" > <div class=\"gallery-group images-1\" style=\"width: 200px; height: 270px;\" data-original-width=\"200\" data-original-height=\"270\" > <div class=\"tiled-gallery-item tiled-gallery-item-small\" itemprop=\"associatedMedia\" itemscope itemtype=\"http:\/\/schema.org\/ImageObject\"> <a href=\"https:\/\/cellieu.fr\/press3\/cdf\/historique\/1991-course_cycliste\/\" border=\"0\" itemprop=\"url\"> <meta itemprop=\"width\" content=\"196\"> <meta itemprop=\"height\" content=\"266\"> <img decoding=\"async\" class=\"\" data-attachment-id=\"113\" data-orig-file=\"https:\/\/cellieu.fr\/press3\/cdf\/wp-content\/uploads\/sites\/11\/2017\/01\/1991-course_cycliste.png\" data-orig-size=\"602,817\" data-comments-opened=\"1\" data-image-meta=\"{&quot;aperture&quot;:&quot;0&quot;,&quot;credit&quot;:&quot;&quot;,&quot;camera&quot;:&quot;&quot;,&quot;caption&quot;:&quot;&quot;,&quot;created_timestamp&quot;:&quot;0&quot;,&quot;copyright&quot;:&quot;&quot;,&quot;focal_length&quot;:&quot;0&quot;,&quot;iso&quot;:&quot;0&quot;,&quot;shutter_speed&quot;:&quot;0&quot;,&quot;title&quot;:&quot;&quot;,&quot;orientation&quot;:&quot;0&quot;}\" data-image-title=\"1991-course_cycliste\" data-image-description=\"\" data-medium-file=\"https:\/\/cellieu.fr\/press3\/cdf\/wp-content\/uploads\/sites\/11\/2017\/01\/1991-course_cycliste-221x300.png\" data-large-file=\"https:\/\/cellieu.fr\/press3\/cdf\/wp-content\/uploads\/sites\/11\/2017\/01\/1991-course_cycliste.png\" src=\"https:\/\/i0.wp.com\/cellieu.fr\/press3\/cdf\/wp-content\/uploads\/sites\/11\/2017\/01\/1991-course_cycliste.png?w=196&#038;h=266&#038;ssl=1\" srcset=\"https:\/\/cellieu.fr\/press3\/cdf\/wp-content\/uploads\/sites\/11\/2017\/01\/1991-course_cycliste.png 602w, https:\/\/cellieu.fr\/press3\/cdf\/wp-content\/uploads\/sites\/11\/2017\/01\/1991-course_cycliste-221x300.png 221w\" width=\"196\" height=\"266\" loading=\"lazy\" data-original-width=\"196\" data-original-height=\"266\" itemprop=\"http:\/\/schema.org\/image\" title=\"1991-course_cycliste\" alt=\"1991-course_cycliste\" style=\"width: 196px; height: 266px;\" \/> <\/a> <\/div> <\/div> <!-- close group --> <div class=\"gallery-group images-1\" style=\"width: 500px; height: 270px;\" data-original-width=\"500\" data-original-height=\"270\" > <div class=\"tiled-gallery-item tiled-gallery-item-large\" itemprop=\"associatedMedia\" itemscope itemtype=\"http:\/\/schema.org\/ImageObject\"> <a href=\"https:\/\/cellieu.fr\/press3\/cdf\/coursevelo\/\" border=\"0\" itemprop=\"url\"> <meta itemprop=\"width\" content=\"496\"> <meta itemprop=\"height\" content=\"266\"> <img decoding=\"async\" class=\"\" data-attachment-id=\"79\" data-orig-file=\"https:\/\/cellieu.fr\/press3\/cdf\/wp-content\/uploads\/sites\/11\/2017\/01\/CourseVelo.jpg\" data-orig-size=\"1727,927\" data-comments-opened=\"1\" data-image-meta=\"{&quot;aperture&quot;:&quot;0&quot;,&quot;credit&quot;:&quot;&quot;,&quot;camera&quot;:&quot;&quot;,&quot;caption&quot;:&quot;&quot;,&quot;created_timestamp&quot;:&quot;0&quot;,&quot;copyright&quot;:&quot;&quot;,&quot;focal_length&quot;:&quot;0&quot;,&quot;iso&quot;:&quot;0&quot;,&quot;shutter_speed&quot;:&quot;0&quot;,&quot;title&quot;:&quot;&quot;,&quot;orientation&quot;:&quot;0&quot;}\" data-image-title=\"CourseVelo\" data-image-description=\"\" data-medium-file=\"https:\/\/cellieu.fr\/press3\/cdf\/wp-content\/uploads\/sites\/11\/2017\/01\/CourseVelo-300x161.jpg\" data-large-file=\"https:\/\/cellieu.fr\/press3\/cdf\/wp-content\/uploads\/sites\/11\/2017\/01\/CourseVelo-1024x550.jpg\" src=\"https:\/\/i0.wp.com\/cellieu.fr\/press3\/cdf\/wp-content\/uploads\/sites\/11\/2017\/01\/CourseVelo.jpg?w=496&#038;h=266&#038;ssl=1\" srcset=\"https:\/\/cellieu.fr\/press3\/cdf\/wp-content\/uploads\/sites\/11\/2017\/01\/CourseVelo.jpg 1727w, https:\/\/cellieu.fr\/press3\/cdf\/wp-content\/uploads\/sites\/11\/2017\/01\/CourseVelo-300x161.jpg 300w, https:\/\/cellieu.fr\/press3\/cdf\/wp-content\/uploads\/sites\/11\/2017\/01\/CourseVelo-768x412.jpg 768w, https:\/\/cellieu.fr\/press3\/cdf\/wp-content\/uploads\/sites\/11\/2017\/01\/CourseVelo-1024x550.jpg 1024w\" width=\"496\" height=\"266\" loading=\"lazy\" data-original-width=\"496\" data-original-height=\"266\" itemprop=\"http:\/\/schema.org\/image\" title=\"CourseVelo\" alt=\"CourseVelo\" style=\"width: 496px; height: 266px;\" \/> <\/a> <\/div> <\/div> <!-- close group --> <\/div> <!-- close row --> <\/div>\n<ul>\n<li>30 juin 1991 : F\u00eate de la Cerise<\/li>\n<li>28\u00a0juin 1992 : F\u00eate de la Cerise<\/li>\n<li>26 F\u00e9vrier 1993 : Carnaval<\/li>\n<li>27 mars 1993 : F\u00eate de la Bi\u00e8re (655 personnes. Entr\u00e9e : 120 F)<\/li>\n<li>27\u00a0juin 1993 : F\u00eate de la Cerise<\/li>\n<li>&#8230;.<\/li>\n<\/ul>\n<div class=\"tiled-gallery type-rectangular tiled-gallery-unresized\" data-original-width=\"700\" data-carousel-extra='null' itemscope itemtype=\"http:\/\/schema.org\/ImageGallery\" > <div class=\"gallery-row\" style=\"width: 700px; height: 486px;\" data-original-width=\"700\" data-original-height=\"486\" > <div class=\"gallery-group images-2\" style=\"width: 359px; height: 486px;\" data-original-width=\"359\" data-original-height=\"486\" > <div class=\"tiled-gallery-item tiled-gallery-item-large\" itemprop=\"associatedMedia\" itemscope itemtype=\"http:\/\/schema.org\/ImageObject\"> <a href=\"https:\/\/cellieu.fr\/press3\/cdf\/historique\/1996_fetecerise_entree\/\" border=\"0\" itemprop=\"url\"> <meta itemprop=\"width\" content=\"355\"> <meta itemprop=\"height\" content=\"246\"> <img decoding=\"async\" class=\"\" data-attachment-id=\"72\" data-orig-file=\"https:\/\/cellieu.fr\/press3\/cdf\/wp-content\/uploads\/sites\/11\/2017\/01\/1996_FeteCerise_Entree.jpg\" data-orig-size=\"1687,1169\" data-comments-opened=\"1\" data-image-meta=\"{&quot;aperture&quot;:&quot;0&quot;,&quot;credit&quot;:&quot;&quot;,&quot;camera&quot;:&quot;&quot;,&quot;caption&quot;:&quot;&quot;,&quot;created_timestamp&quot;:&quot;0&quot;,&quot;copyright&quot;:&quot;&quot;,&quot;focal_length&quot;:&quot;0&quot;,&quot;iso&quot;:&quot;0&quot;,&quot;shutter_speed&quot;:&quot;0&quot;,&quot;title&quot;:&quot;&quot;,&quot;orientation&quot;:&quot;0&quot;}\" data-image-title=\"1996_FeteCerise_Entree\" data-image-description=\"\" data-medium-file=\"https:\/\/cellieu.fr\/press3\/cdf\/wp-content\/uploads\/sites\/11\/2017\/01\/1996_FeteCerise_Entree-300x208.jpg\" data-large-file=\"https:\/\/cellieu.fr\/press3\/cdf\/wp-content\/uploads\/sites\/11\/2017\/01\/1996_FeteCerise_Entree-1024x710.jpg\" src=\"https:\/\/i0.wp.com\/cellieu.fr\/press3\/cdf\/wp-content\/uploads\/sites\/11\/2017\/01\/1996_FeteCerise_Entree.jpg?w=355&#038;h=246&#038;ssl=1\" srcset=\"https:\/\/cellieu.fr\/press3\/cdf\/wp-content\/uploads\/sites\/11\/2017\/01\/1996_FeteCerise_Entree.jpg 1687w, https:\/\/cellieu.fr\/press3\/cdf\/wp-content\/uploads\/sites\/11\/2017\/01\/1996_FeteCerise_Entree-300x208.jpg 300w, https:\/\/cellieu.fr\/press3\/cdf\/wp-content\/uploads\/sites\/11\/2017\/01\/1996_FeteCerise_Entree-768x532.jpg 768w, https:\/\/cellieu.fr\/press3\/cdf\/wp-content\/uploads\/sites\/11\/2017\/01\/1996_FeteCerise_Entree-1024x710.jpg 1024w\" width=\"355\" height=\"246\" loading=\"lazy\" data-original-width=\"355\" data-original-height=\"246\" itemprop=\"http:\/\/schema.org\/image\" title=\"1996_FeteCerise_Entree\" alt=\"1996_FeteCerise_Entree\" style=\"width: 355px; height: 246px;\" \/> <\/a> <\/div> <div class=\"tiled-gallery-item tiled-gallery-item-large\" itemprop=\"associatedMedia\" itemscope itemtype=\"http:\/\/schema.org\/ImageObject\"> <a href=\"https:\/\/cellieu.fr\/press3\/cdf\/historique\/1998_fetecerise_danse\/\" border=\"0\" itemprop=\"url\"> <meta itemprop=\"width\" content=\"355\"> <meta itemprop=\"height\" content=\"232\"> <img decoding=\"async\" class=\"\" data-attachment-id=\"75\" data-orig-file=\"https:\/\/cellieu.fr\/press3\/cdf\/wp-content\/uploads\/sites\/11\/2017\/01\/1998_FeteCerise_danse.jpg\" data-orig-size=\"1542,1007\" data-comments-opened=\"1\" data-image-meta=\"{&quot;aperture&quot;:&quot;0&quot;,&quot;credit&quot;:&quot;&quot;,&quot;camera&quot;:&quot;&quot;,&quot;caption&quot;:&quot;&quot;,&quot;created_timestamp&quot;:&quot;0&quot;,&quot;copyright&quot;:&quot;&quot;,&quot;focal_length&quot;:&quot;0&quot;,&quot;iso&quot;:&quot;0&quot;,&quot;shutter_speed&quot;:&quot;0&quot;,&quot;title&quot;:&quot;&quot;,&quot;orientation&quot;:&quot;0&quot;}\" data-image-title=\"1998_FeteCerise_danse\" data-image-description=\"\" data-medium-file=\"https:\/\/cellieu.fr\/press3\/cdf\/wp-content\/uploads\/sites\/11\/2017\/01\/1998_FeteCerise_danse-300x196.jpg\" data-large-file=\"https:\/\/cellieu.fr\/press3\/cdf\/wp-content\/uploads\/sites\/11\/2017\/01\/1998_FeteCerise_danse-1024x669.jpg\" src=\"https:\/\/i0.wp.com\/cellieu.fr\/press3\/cdf\/wp-content\/uploads\/sites\/11\/2017\/01\/1998_FeteCerise_danse.jpg?w=355&#038;h=232&#038;ssl=1\" srcset=\"https:\/\/cellieu.fr\/press3\/cdf\/wp-content\/uploads\/sites\/11\/2017\/01\/1998_FeteCerise_danse.jpg 1542w, https:\/\/cellieu.fr\/press3\/cdf\/wp-content\/uploads\/sites\/11\/2017\/01\/1998_FeteCerise_danse-300x196.jpg 300w, https:\/\/cellieu.fr\/press3\/cdf\/wp-content\/uploads\/sites\/11\/2017\/01\/1998_FeteCerise_danse-768x502.jpg 768w, https:\/\/cellieu.fr\/press3\/cdf\/wp-content\/uploads\/sites\/11\/2017\/01\/1998_FeteCerise_danse-1024x669.jpg 1024w\" width=\"355\" height=\"232\" loading=\"lazy\" data-original-width=\"355\" data-original-height=\"232\" itemprop=\"http:\/\/schema.org\/image\" title=\"1998_FeteCerise_danse\" alt=\"1998_FeteCerise_danse\" style=\"width: 355px; height: 232px;\" \/> <\/a> <\/div> <\/div> <!-- close group --> <div class=\"gallery-group images-1\" style=\"width: 341px; height: 486px;\" data-original-width=\"341\" data-original-height=\"486\" > <div class=\"tiled-gallery-item tiled-gallery-item-large\" itemprop=\"associatedMedia\" itemscope itemtype=\"http:\/\/schema.org\/ImageObject\"> <a href=\"https:\/\/cellieu.fr\/press3\/cdf\/historique\/1998_fetecerise_exposant\/\" border=\"0\" itemprop=\"url\"> <meta itemprop=\"width\" content=\"337\"> <meta itemprop=\"height\" content=\"482\"> <img decoding=\"async\" class=\"\" data-attachment-id=\"76\" data-orig-file=\"https:\/\/cellieu.fr\/press3\/cdf\/wp-content\/uploads\/sites\/11\/2017\/01\/1998_FeteCerise_exposant.jpg\" data-orig-size=\"1187,1700\" data-comments-opened=\"1\" data-image-meta=\"{&quot;aperture&quot;:&quot;0&quot;,&quot;credit&quot;:&quot;&quot;,&quot;camera&quot;:&quot;&quot;,&quot;caption&quot;:&quot;&quot;,&quot;created_timestamp&quot;:&quot;0&quot;,&quot;copyright&quot;:&quot;&quot;,&quot;focal_length&quot;:&quot;0&quot;,&quot;iso&quot;:&quot;0&quot;,&quot;shutter_speed&quot;:&quot;0&quot;,&quot;title&quot;:&quot;&quot;,&quot;orientation&quot;:&quot;0&quot;}\" data-image-title=\"1998_FeteCerise_exposant\" data-image-description=\"\" data-medium-file=\"https:\/\/cellieu.fr\/press3\/cdf\/wp-content\/uploads\/sites\/11\/2017\/01\/1998_FeteCerise_exposant-209x300.jpg\" data-large-file=\"https:\/\/cellieu.fr\/press3\/cdf\/wp-content\/uploads\/sites\/11\/2017\/01\/1998_FeteCerise_exposant-715x1024.jpg\" src=\"https:\/\/i0.wp.com\/cellieu.fr\/press3\/cdf\/wp-content\/uploads\/sites\/11\/2017\/01\/1998_FeteCerise_exposant.jpg?w=337&#038;h=482&#038;ssl=1\" srcset=\"https:\/\/cellieu.fr\/press3\/cdf\/wp-content\/uploads\/sites\/11\/2017\/01\/1998_FeteCerise_exposant.jpg 1187w, https:\/\/cellieu.fr\/press3\/cdf\/wp-content\/uploads\/sites\/11\/2017\/01\/1998_FeteCerise_exposant-209x300.jpg 209w, https:\/\/cellieu.fr\/press3\/cdf\/wp-content\/uploads\/sites\/11\/2017\/01\/1998_FeteCerise_exposant-768x1100.jpg 768w, https:\/\/cellieu.fr\/press3\/cdf\/wp-content\/uploads\/sites\/11\/2017\/01\/1998_FeteCerise_exposant-715x1024.jpg 715w\" width=\"337\" height=\"482\" loading=\"lazy\" data-original-width=\"337\" data-original-height=\"482\" itemprop=\"http:\/\/schema.org\/image\" title=\"1998_FeteCerise_exposant\" alt=\"1998_FeteCerise_exposant\" style=\"width: 337px; height: 482px;\" \/> <\/a> <\/div> <\/div> <!-- close group --> <\/div> <!-- close row --> <div class=\"gallery-row\" style=\"width: 700px; height: 311px;\" data-original-width=\"700\" data-original-height=\"311\" > <div class=\"gallery-group images-1\" style=\"width: 480px; height: 311px;\" data-original-width=\"480\" data-original-height=\"311\" > <div class=\"tiled-gallery-item tiled-gallery-item-large\" itemprop=\"associatedMedia\" itemscope itemtype=\"http:\/\/schema.org\/ImageObject\"> <a href=\"https:\/\/cellieu.fr\/press3\/cdf\/historique\/2000_fetecerise_exposant_place\/\" border=\"0\" itemprop=\"url\"> <meta itemprop=\"width\" content=\"476\"> <meta itemprop=\"height\" content=\"307\"> <img decoding=\"async\" class=\"\" data-attachment-id=\"78\" data-orig-file=\"https:\/\/cellieu.fr\/press3\/cdf\/wp-content\/uploads\/sites\/11\/2017\/01\/2000_FeteCerise_exposant_place.jpg\" data-orig-size=\"1749,1129\" data-comments-opened=\"1\" data-image-meta=\"{&quot;aperture&quot;:&quot;0&quot;,&quot;credit&quot;:&quot;&quot;,&quot;camera&quot;:&quot;&quot;,&quot;caption&quot;:&quot;&quot;,&quot;created_timestamp&quot;:&quot;0&quot;,&quot;copyright&quot;:&quot;&quot;,&quot;focal_length&quot;:&quot;0&quot;,&quot;iso&quot;:&quot;0&quot;,&quot;shutter_speed&quot;:&quot;0&quot;,&quot;title&quot;:&quot;&quot;,&quot;orientation&quot;:&quot;0&quot;}\" data-image-title=\"2000_FeteCerise_exposant_place\" data-image-description=\"\" data-medium-file=\"https:\/\/cellieu.fr\/press3\/cdf\/wp-content\/uploads\/sites\/11\/2017\/01\/2000_FeteCerise_exposant_place-300x194.jpg\" data-large-file=\"https:\/\/cellieu.fr\/press3\/cdf\/wp-content\/uploads\/sites\/11\/2017\/01\/2000_FeteCerise_exposant_place-1024x661.jpg\" src=\"https:\/\/i0.wp.com\/cellieu.fr\/press3\/cdf\/wp-content\/uploads\/sites\/11\/2017\/01\/2000_FeteCerise_exposant_place.jpg?w=476&#038;h=307&#038;ssl=1\" srcset=\"https:\/\/cellieu.fr\/press3\/cdf\/wp-content\/uploads\/sites\/11\/2017\/01\/2000_FeteCerise_exposant_place.jpg 1749w, https:\/\/cellieu.fr\/press3\/cdf\/wp-content\/uploads\/sites\/11\/2017\/01\/2000_FeteCerise_exposant_place-300x194.jpg 300w, https:\/\/cellieu.fr\/press3\/cdf\/wp-content\/uploads\/sites\/11\/2017\/01\/2000_FeteCerise_exposant_place-768x496.jpg 768w, https:\/\/cellieu.fr\/press3\/cdf\/wp-content\/uploads\/sites\/11\/2017\/01\/2000_FeteCerise_exposant_place-1024x661.jpg 1024w\" width=\"476\" height=\"307\" loading=\"lazy\" data-original-width=\"476\" data-original-height=\"307\" itemprop=\"http:\/\/schema.org\/image\" title=\"2000_FeteCerise_exposant_place\" alt=\"2000_FeteCerise_exposant_place\" style=\"width: 476px; height: 307px;\" \/> <\/a> <\/div> <\/div> <!-- close group --> <div class=\"gallery-group images-2\" style=\"width: 220px; height: 311px;\" data-original-width=\"220\" data-original-height=\"311\" > <div class=\"tiled-gallery-item tiled-gallery-item-small\" itemprop=\"associatedMedia\" itemscope itemtype=\"http:\/\/schema.org\/ImageObject\"> <a href=\"https:\/\/cellieu.fr\/press3\/cdf\/historique\/1998_musicien\/\" border=\"0\" itemprop=\"url\"> <meta itemprop=\"width\" content=\"216\"> <meta itemprop=\"height\" content=\"151\"> <img decoding=\"async\" class=\"\" data-attachment-id=\"77\" data-orig-file=\"https:\/\/cellieu.fr\/press3\/cdf\/wp-content\/uploads\/sites\/11\/2017\/01\/1998_Musicien.jpg\" data-orig-size=\"1697,1189\" data-comments-opened=\"1\" data-image-meta=\"{&quot;aperture&quot;:&quot;0&quot;,&quot;credit&quot;:&quot;&quot;,&quot;camera&quot;:&quot;&quot;,&quot;caption&quot;:&quot;&quot;,&quot;created_timestamp&quot;:&quot;0&quot;,&quot;copyright&quot;:&quot;&quot;,&quot;focal_length&quot;:&quot;0&quot;,&quot;iso&quot;:&quot;0&quot;,&quot;shutter_speed&quot;:&quot;0&quot;,&quot;title&quot;:&quot;&quot;,&quot;orientation&quot;:&quot;0&quot;}\" data-image-title=\"1998_Musicien\" data-image-description=\"\" data-medium-file=\"https:\/\/cellieu.fr\/press3\/cdf\/wp-content\/uploads\/sites\/11\/2017\/01\/1998_Musicien-300x210.jpg\" data-large-file=\"https:\/\/cellieu.fr\/press3\/cdf\/wp-content\/uploads\/sites\/11\/2017\/01\/1998_Musicien-1024x717.jpg\" src=\"https:\/\/i0.wp.com\/cellieu.fr\/press3\/cdf\/wp-content\/uploads\/sites\/11\/2017\/01\/1998_Musicien.jpg?w=216&#038;h=151&#038;ssl=1\" srcset=\"https:\/\/cellieu.fr\/press3\/cdf\/wp-content\/uploads\/sites\/11\/2017\/01\/1998_Musicien.jpg 1697w, https:\/\/cellieu.fr\/press3\/cdf\/wp-content\/uploads\/sites\/11\/2017\/01\/1998_Musicien-300x210.jpg 300w, https:\/\/cellieu.fr\/press3\/cdf\/wp-content\/uploads\/sites\/11\/2017\/01\/1998_Musicien-768x538.jpg 768w, https:\/\/cellieu.fr\/press3\/cdf\/wp-content\/uploads\/sites\/11\/2017\/01\/1998_Musicien-1024x717.jpg 1024w\" width=\"216\" height=\"151\" loading=\"lazy\" data-original-width=\"216\" data-original-height=\"151\" itemprop=\"http:\/\/schema.org\/image\" title=\"1998_Musicien\" alt=\"1998_Musicien\" style=\"width: 216px; height: 151px;\" \/> <\/a> <\/div> <div class=\"tiled-gallery-item tiled-gallery-item-small\" itemprop=\"associatedMedia\" itemscope itemtype=\"http:\/\/schema.org\/ImageObject\"> <a href=\"https:\/\/cellieu.fr\/press3\/cdf\/historique\/1996_fetecerise_exposant_place_2\/\" border=\"0\" itemprop=\"url\"> <meta itemprop=\"width\" content=\"216\"> <meta itemprop=\"height\" content=\"152\"> <img decoding=\"async\" class=\"\" data-attachment-id=\"73\" data-orig-file=\"https:\/\/cellieu.fr\/press3\/cdf\/wp-content\/uploads\/sites\/11\/2017\/01\/1996_FeteCerise_exposant_place_2.jpg\" data-orig-size=\"1457,1021\" data-comments-opened=\"1\" data-image-meta=\"{&quot;aperture&quot;:&quot;0&quot;,&quot;credit&quot;:&quot;&quot;,&quot;camera&quot;:&quot;&quot;,&quot;caption&quot;:&quot;&quot;,&quot;created_timestamp&quot;:&quot;0&quot;,&quot;copyright&quot;:&quot;&quot;,&quot;focal_length&quot;:&quot;0&quot;,&quot;iso&quot;:&quot;0&quot;,&quot;shutter_speed&quot;:&quot;0&quot;,&quot;title&quot;:&quot;&quot;,&quot;orientation&quot;:&quot;0&quot;}\" data-image-title=\"1996_FeteCerise_exposant_place_2\" data-image-description=\"\" data-medium-file=\"https:\/\/cellieu.fr\/press3\/cdf\/wp-content\/uploads\/sites\/11\/2017\/01\/1996_FeteCerise_exposant_place_2-300x210.jpg\" data-large-file=\"https:\/\/cellieu.fr\/press3\/cdf\/wp-content\/uploads\/sites\/11\/2017\/01\/1996_FeteCerise_exposant_place_2-1024x718.jpg\" src=\"https:\/\/i0.wp.com\/cellieu.fr\/press3\/cdf\/wp-content\/uploads\/sites\/11\/2017\/01\/1996_FeteCerise_exposant_place_2.jpg?w=216&#038;h=152&#038;ssl=1\" srcset=\"https:\/\/cellieu.fr\/press3\/cdf\/wp-content\/uploads\/sites\/11\/2017\/01\/1996_FeteCerise_exposant_place_2.jpg 1457w, https:\/\/cellieu.fr\/press3\/cdf\/wp-content\/uploads\/sites\/11\/2017\/01\/1996_FeteCerise_exposant_place_2-300x210.jpg 300w, https:\/\/cellieu.fr\/press3\/cdf\/wp-content\/uploads\/sites\/11\/2017\/01\/1996_FeteCerise_exposant_place_2-768x538.jpg 768w, https:\/\/cellieu.fr\/press3\/cdf\/wp-content\/uploads\/sites\/11\/2017\/01\/1996_FeteCerise_exposant_place_2-1024x718.jpg 1024w\" width=\"216\" height=\"152\" loading=\"lazy\" data-original-width=\"216\" data-original-height=\"152\" itemprop=\"http:\/\/schema.org\/image\" title=\"1996_FeteCerise_exposant_place_2\" alt=\"1996_FeteCerise_exposant_place_2\" style=\"width: 216px; height: 152px;\" \/> <\/a> <\/div> <\/div> <!-- close group --> <\/div> <!-- close row --> <\/div>\n<ul>\n<li>La f\u00eate de la Cerise, organis\u00e9e chaque ann\u00e9e,\u00a0est arr\u00eat\u00e9e en 2005.<\/li>\n<\/ul>\n<p>&nbsp;<\/p>\n<div class=\"tiled-gallery type-rectangular tiled-gallery-unresized\" data-original-width=\"700\" data-carousel-extra='null' itemscope itemtype=\"http:\/\/schema.org\/ImageGallery\" > <div class=\"gallery-row\" style=\"width: 700px; height: 238px;\" data-original-width=\"700\" data-original-height=\"238\" > <div class=\"gallery-group images-1\" style=\"width: 344px; height: 238px;\" data-original-width=\"344\" data-original-height=\"238\" > <div class=\"tiled-gallery-item tiled-gallery-item-large\" itemprop=\"associatedMedia\" itemscope itemtype=\"http:\/\/schema.org\/ImageObject\"> <a href=\"https:\/\/cellieu.fr\/press3\/cdf\/1995_repas\/\" border=\"0\" itemprop=\"url\"> <meta itemprop=\"width\" content=\"340\"> <meta itemprop=\"height\" content=\"234\"> <img decoding=\"async\" class=\"\" data-attachment-id=\"70\" data-orig-file=\"https:\/\/cellieu.fr\/press3\/cdf\/wp-content\/uploads\/sites\/11\/2017\/01\/1995_repas.jpg\" data-orig-size=\"1501,1035\" data-comments-opened=\"1\" data-image-meta=\"{&quot;aperture&quot;:&quot;0&quot;,&quot;credit&quot;:&quot;&quot;,&quot;camera&quot;:&quot;&quot;,&quot;caption&quot;:&quot;&quot;,&quot;created_timestamp&quot;:&quot;0&quot;,&quot;copyright&quot;:&quot;&quot;,&quot;focal_length&quot;:&quot;0&quot;,&quot;iso&quot;:&quot;0&quot;,&quot;shutter_speed&quot;:&quot;0&quot;,&quot;title&quot;:&quot;&quot;,&quot;orientation&quot;:&quot;0&quot;}\" data-image-title=\"1995_repas\" data-image-description=\"\" data-medium-file=\"https:\/\/cellieu.fr\/press3\/cdf\/wp-content\/uploads\/sites\/11\/2017\/01\/1995_repas-300x207.jpg\" data-large-file=\"https:\/\/cellieu.fr\/press3\/cdf\/wp-content\/uploads\/sites\/11\/2017\/01\/1995_repas-1024x706.jpg\" src=\"https:\/\/i0.wp.com\/cellieu.fr\/press3\/cdf\/wp-content\/uploads\/sites\/11\/2017\/01\/1995_repas.jpg?w=340&#038;h=234&#038;ssl=1\" srcset=\"https:\/\/cellieu.fr\/press3\/cdf\/wp-content\/uploads\/sites\/11\/2017\/01\/1995_repas.jpg 1501w, https:\/\/cellieu.fr\/press3\/cdf\/wp-content\/uploads\/sites\/11\/2017\/01\/1995_repas-300x207.jpg 300w, https:\/\/cellieu.fr\/press3\/cdf\/wp-content\/uploads\/sites\/11\/2017\/01\/1995_repas-768x530.jpg 768w, https:\/\/cellieu.fr\/press3\/cdf\/wp-content\/uploads\/sites\/11\/2017\/01\/1995_repas-1024x706.jpg 1024w\" width=\"340\" height=\"234\" loading=\"lazy\" data-original-width=\"340\" data-original-height=\"234\" itemprop=\"http:\/\/schema.org\/image\" title=\"1995_repas\" alt=\"1995_repas\" style=\"width: 340px; height: 234px;\" \/> <\/a> <\/div> <\/div> <!-- close group --> <div class=\"gallery-group images-1\" style=\"width: 356px; height: 238px;\" data-original-width=\"356\" data-original-height=\"238\" > <div class=\"tiled-gallery-item tiled-gallery-item-large\" itemprop=\"associatedMedia\" itemscope itemtype=\"http:\/\/schema.org\/ImageObject\"> <a href=\"https:\/\/cellieu.fr\/press3\/cdf\/1995_orchestre\/\" border=\"0\" itemprop=\"url\"> <meta itemprop=\"width\" content=\"352\"> <meta itemprop=\"height\" content=\"234\"> <img decoding=\"async\" class=\"\" data-attachment-id=\"69\" data-orig-file=\"https:\/\/cellieu.fr\/press3\/cdf\/wp-content\/uploads\/sites\/11\/2017\/01\/1995_Orchestre.jpg\" data-orig-size=\"1493,993\" data-comments-opened=\"1\" data-image-meta=\"{&quot;aperture&quot;:&quot;0&quot;,&quot;credit&quot;:&quot;&quot;,&quot;camera&quot;:&quot;&quot;,&quot;caption&quot;:&quot;&quot;,&quot;created_timestamp&quot;:&quot;0&quot;,&quot;copyright&quot;:&quot;&quot;,&quot;focal_length&quot;:&quot;0&quot;,&quot;iso&quot;:&quot;0&quot;,&quot;shutter_speed&quot;:&quot;0&quot;,&quot;title&quot;:&quot;&quot;,&quot;orientation&quot;:&quot;0&quot;}\" data-image-title=\"1995_Orchestre\" data-image-description=\"\" data-medium-file=\"https:\/\/cellieu.fr\/press3\/cdf\/wp-content\/uploads\/sites\/11\/2017\/01\/1995_Orchestre-300x200.jpg\" data-large-file=\"https:\/\/cellieu.fr\/press3\/cdf\/wp-content\/uploads\/sites\/11\/2017\/01\/1995_Orchestre-1024x681.jpg\" src=\"https:\/\/i0.wp.com\/cellieu.fr\/press3\/cdf\/wp-content\/uploads\/sites\/11\/2017\/01\/1995_Orchestre.jpg?w=352&#038;h=234&#038;ssl=1\" srcset=\"https:\/\/cellieu.fr\/press3\/cdf\/wp-content\/uploads\/sites\/11\/2017\/01\/1995_Orchestre.jpg 1493w, https:\/\/cellieu.fr\/press3\/cdf\/wp-content\/uploads\/sites\/11\/2017\/01\/1995_Orchestre-300x200.jpg 300w, https:\/\/cellieu.fr\/press3\/cdf\/wp-content\/uploads\/sites\/11\/2017\/01\/1995_Orchestre-768x511.jpg 768w, https:\/\/cellieu.fr\/press3\/cdf\/wp-content\/uploads\/sites\/11\/2017\/01\/1995_Orchestre-1024x681.jpg 1024w\" width=\"352\" height=\"234\" loading=\"lazy\" data-original-width=\"352\" data-original-height=\"234\" itemprop=\"http:\/\/schema.org\/image\" title=\"1995_Orchestre\" alt=\"1995_Orchestre\" style=\"width: 352px; height: 234px;\" \/> <\/a> <\/div> <\/div> <!-- close group --> <\/div> <!-- close row --> <\/div>\n<ul>\n<li>La f\u00eate de la bi\u00e8re, organis\u00e9e tous les 2 ans,\u00a0est arr\u00eat\u00e9e en 2016.<\/li>\n<\/ul>\n<p>&nbsp;<\/p>\n<ul>\n<li>D\u00e9cembre 2014, 2015, 2016\u00a0: Participation au t\u00e9l\u00e9thon<\/li>\n<li>Le Carnaval est organis\u00e9 chaque ann\u00e9e depuis 1993.<\/li>\n<\/ul>\n<p>Suite au red\u00e9coupage des r\u00e9gions, Cellieu est devenu le centre g\u00e9ographique de la r\u00e9gion AURA (Auvergne-Rh\u00f4ne-Alpes), nous souhaitons aujourd&rsquo;hui profiter de cet atout pour organiser la f\u00eate de la r\u00e9gion.<\/p>\n","protected":false},"excerpt":{"rendered":"<p>La Commission Animation de la Mairie \u00e9tait en charge de l&rsquo;organisation d&rsquo;\u00e9v\u00e9nements sur la commune. 14 juillet 1986 : Bal d&rsquo;\u00e9t\u00e9 31 d\u00e9cembre 1986 : R\u00e9veillon de la St Sylvestre 1987 : Am\u00e9nagement d&rsquo;un bar au stade des roches 1987 : Sonorisation de la salle polyvalente 14 mars 1987 : Orchestre bolivien : \u00ab\u00a0Les chouquipu\u00a0\u00bb &#8230;<br \/><a class=\"btn btn-primary btn-sm read-more\" href=\"https:\/\/cellieu.fr\/press3\/cdf\/historique\/\" role=\"button\">Read more<\/a><\/p>\n","protected":false},"author":1,"featured_media":0,"parent":0,"menu_order":0,"comment_status":"closed","ping_status":"closed","template":"","meta":{"footnotes":""},"class_list":["post-7","page","type-page","status-publish","hentry","row panel panel-primary"],"jetpack_sharing_enabled":true,"_links":{"self":[{"href":"https:\/\/cellieu.fr\/press3\/cdf\/wp-json\/wp\/v2\/pages\/7","targetHints":{"allow":["GET"]}}],"collection":[{"href":"https:\/\/cellieu.fr\/press3\/cdf\/wp-json\/wp\/v2\/pages"}],"about":[{"href":"https:\/\/cellieu.fr\/press3\/cdf\/wp-json\/wp\/v2\/types\/page"}],"author":[{"embeddable":true,"href":"https:\/\/cellieu.fr\/press3\/cdf\/wp-json\/wp\/v2\/users\/1"}],"replies":[{"embeddable":true,"href":"https:\/\/cellieu.fr\/press3\/cdf\/wp-json\/wp\/v2\/comments?post=7"}],"version-history":[{"count":12,"href":"https:\/\/cellieu.fr\/press3\/cdf\/wp-json\/wp\/v2\/pages\/7\/revisions"}],"predecessor-version":[{"id":123,"href":"https:\/\/cellieu.fr\/press3\/cdf\/wp-json\/wp\/v2\/pages\/7\/revisions\/123"}],"wp:attachment":[{"href":"https:\/\/cellieu.fr\/press3\/cdf\/wp-json\/wp\/v2\/media?parent=7"}],"curies":[{"name":"wp","href":"https:\/\/api.w.org\/{rel}","templated":true}]}}