{"id":967,"date":"2026-04-17T11:49:24","date_gmt":"2026-04-17T10:49:24","guid":{"rendered":"http:\/\/cellieu.fr\/press3\/mairie\/?page_id=967"},"modified":"2026-04-17T16:12:22","modified_gmt":"2026-04-17T15:12:22","slug":"vos-elus","status":"publish","type":"page","link":"https:\/\/cellieu.fr\/press3\/mairie\/vos-elus\/","title":{"rendered":"Vos \u00e9lus &#8211; Conseil municipal 2026"},"content":{"rendered":"<p style=\"text-align: left\">&nbsp;<\/p>\n<table style=\"width: 102.947%;height: 2578px\" width=\"90%\">\n<tbody>\n<tr style=\"height: 256px\">\n<td style=\"width: 107.046%;height: 10px\" colspan=\"4\" width=\"46%\">\n<h1><img loading=\"lazy\" decoding=\"async\" class=\"wp-image-14909 alignleft\" src=\"https:\/\/cellieu.fr\/press3\/mairie\/wp-content\/uploads\/sites\/2\/2026\/03\/Screenshot_20260322_113334_Facebook-241x300.jpg\" alt=\"\" width=\"219\" height=\"273\" srcset=\"https:\/\/cellieu.fr\/press3\/mairie\/wp-content\/uploads\/sites\/2\/2026\/03\/Screenshot_20260322_113334_Facebook-241x300.jpg 241w, https:\/\/cellieu.fr\/press3\/mairie\/wp-content\/uploads\/sites\/2\/2026\/03\/Screenshot_20260322_113334_Facebook-824x1024.jpg 824w, https:\/\/cellieu.fr\/press3\/mairie\/wp-content\/uploads\/sites\/2\/2026\/03\/Screenshot_20260322_113334_Facebook-768x954.jpg 768w, https:\/\/cellieu.fr\/press3\/mairie\/wp-content\/uploads\/sites\/2\/2026\/03\/Screenshot_20260322_113334_Facebook-624x775.jpg 624w, https:\/\/cellieu.fr\/press3\/mairie\/wp-content\/uploads\/sites\/2\/2026\/03\/Screenshot_20260322_113334_Facebook.jpg 1080w\" sizes=\"auto, (max-width: 219px) 100vw, 219px\" \/><\/h1>\n<h1 style=\"text-align: center\">&nbsp;<\/h1>\n<h3 style=\"text-align: left\">Madame le Maire<\/h3>\n<h3 style=\"text-align: left\">Corinne <strong>BESSON-FAYOLLE<\/strong><\/h3>\n<p style=\"text-align: left\">&nbsp;<\/p>\n<\/td>\n<\/tr>\n<tr style=\"height: 236px\">\n<td style=\"width: 30.2417%;height: 259px\" width=\"18%\"><img loading=\"lazy\" decoding=\"async\" class=\"wp-image-14910 alignleft\" src=\"https:\/\/cellieu.fr\/press3\/mairie\/wp-content\/uploads\/sites\/2\/2026\/03\/Screenshot_20260322_113324_Facebook-300x300.jpg\" alt=\"\" width=\"262\" height=\"262\" srcset=\"https:\/\/cellieu.fr\/press3\/mairie\/wp-content\/uploads\/sites\/2\/2026\/03\/Screenshot_20260322_113324_Facebook-300x300.jpg 300w, https:\/\/cellieu.fr\/press3\/mairie\/wp-content\/uploads\/sites\/2\/2026\/03\/Screenshot_20260322_113324_Facebook-1024x1021.jpg 1024w, https:\/\/cellieu.fr\/press3\/mairie\/wp-content\/uploads\/sites\/2\/2026\/03\/Screenshot_20260322_113324_Facebook-150x150.jpg 150w, https:\/\/cellieu.fr\/press3\/mairie\/wp-content\/uploads\/sites\/2\/2026\/03\/Screenshot_20260322_113324_Facebook-768x766.jpg 768w, https:\/\/cellieu.fr\/press3\/mairie\/wp-content\/uploads\/sites\/2\/2026\/03\/Screenshot_20260322_113324_Facebook-144x144.jpg 144w, https:\/\/cellieu.fr\/press3\/mairie\/wp-content\/uploads\/sites\/2\/2026\/03\/Screenshot_20260322_113324_Facebook-624x622.jpg 624w, https:\/\/cellieu.fr\/press3\/mairie\/wp-content\/uploads\/sites\/2\/2026\/03\/Screenshot_20260322_113324_Facebook.jpg 1080w\" sizes=\"auto, (max-width: 262px) 100vw, 262px\" \/><\/td>\n<td style=\"width: 20.6038%;height: 259px\" width=\"28%\">\n<h3 style=\"text-align: left\">G\u00e9rard<strong> BOUJOUR<\/strong><\/h3>\n<h3 style=\"text-align: left\"><strong>1\u00e8re Adjoint<\/strong>&nbsp;&nbsp;<\/h3>\n<h3 style=\"text-align: left\">&nbsp;Finances-R\u00e9seaux-Voirie-Agriculture<\/h3>\n<p>&nbsp;<\/td>\n<td style=\"width: 27.9972%;height: 259px\" width=\"20%\"><img loading=\"lazy\" decoding=\"async\" class=\"wp-image-14907 alignleft\" src=\"https:\/\/cellieu.fr\/press3\/mairie\/wp-content\/uploads\/sites\/2\/2026\/03\/20260114_211756-e1776434847423-222x300.jpg\" alt=\"\" width=\"200\" height=\"270\" srcset=\"https:\/\/cellieu.fr\/press3\/mairie\/wp-content\/uploads\/sites\/2\/2026\/03\/20260114_211756-e1776434847423-222x300.jpg 222w, https:\/\/cellieu.fr\/press3\/mairie\/wp-content\/uploads\/sites\/2\/2026\/03\/20260114_211756-e1776434847423-758x1024.jpg 758w, https:\/\/cellieu.fr\/press3\/mairie\/wp-content\/uploads\/sites\/2\/2026\/03\/20260114_211756-e1776434847423-768x1037.jpg 768w, https:\/\/cellieu.fr\/press3\/mairie\/wp-content\/uploads\/sites\/2\/2026\/03\/20260114_211756-e1776434847423-624x843.jpg 624w, https:\/\/cellieu.fr\/press3\/mairie\/wp-content\/uploads\/sites\/2\/2026\/03\/20260114_211756-e1776434847423.jpg 770w\" sizes=\"auto, (max-width: 200px) 100vw, 200px\" \/><\/td>\n<td style=\"width: 28.2031%;height: 259px\" width=\"30%\">\n<h4>Fran\u00e7oise <strong>BOULAT<\/strong><\/h4>\n<h4><strong>2\u00e8me Adjointe<\/strong>&nbsp;&nbsp;<\/h4>\n<h4>Enfance-culture-vie associative.<\/h4>\n<p>&nbsp;<\/p>\n<p>&nbsp;<\/p>\n<p>&nbsp;<\/td>\n<\/tr>\n<tr style=\"height: 238px\">\n<td style=\"width: 30.2417%;height: 327px\" width=\"18%\"><img loading=\"lazy\" decoding=\"async\" class=\"wp-image-14912 alignleft\" src=\"https:\/\/cellieu.fr\/press3\/mairie\/wp-content\/uploads\/sites\/2\/2026\/03\/Screenshot_20260322_113302_Facebook-289x300.jpg\" alt=\"\" width=\"342\" height=\"355\" srcset=\"https:\/\/cellieu.fr\/press3\/mairie\/wp-content\/uploads\/sites\/2\/2026\/03\/Screenshot_20260322_113302_Facebook-289x300.jpg 289w, https:\/\/cellieu.fr\/press3\/mairie\/wp-content\/uploads\/sites\/2\/2026\/03\/Screenshot_20260322_113302_Facebook-768x799.jpg 768w, https:\/\/cellieu.fr\/press3\/mairie\/wp-content\/uploads\/sites\/2\/2026\/03\/Screenshot_20260322_113302_Facebook-624x649.jpg 624w, https:\/\/cellieu.fr\/press3\/mairie\/wp-content\/uploads\/sites\/2\/2026\/03\/Screenshot_20260322_113302_Facebook.jpg 982w\" sizes=\"auto, (max-width: 342px) 100vw, 342px\" \/><\/td>\n<td style=\"width: 20.6038%;height: 327px\" width=\"28%\">\n<h4>Michel<strong> ROYET <\/strong><\/h4>\n<h4><strong>3\u00e8me Adjoint<\/strong>&nbsp;&nbsp;&nbsp;<\/h4>\n<h4>B\u00e2timents&nbsp;<\/h4>\n<\/td>\n<td style=\"width: 27.9972%;height: 327px\" width=\"20%\"><img loading=\"lazy\" decoding=\"async\" class=\"wp-image-14908 alignleft\" src=\"https:\/\/cellieu.fr\/press3\/mairie\/wp-content\/uploads\/sites\/2\/2026\/03\/IMG-20251202-WA0042-225x300.jpg\" alt=\"\" width=\"214\" height=\"285\" srcset=\"https:\/\/cellieu.fr\/press3\/mairie\/wp-content\/uploads\/sites\/2\/2026\/03\/IMG-20251202-WA0042-225x300.jpg 225w, https:\/\/cellieu.fr\/press3\/mairie\/wp-content\/uploads\/sites\/2\/2026\/03\/IMG-20251202-WA0042-624x832.jpg 624w, https:\/\/cellieu.fr\/press3\/mairie\/wp-content\/uploads\/sites\/2\/2026\/03\/IMG-20251202-WA0042.jpg 768w\" sizes=\"auto, (max-width: 214px) 100vw, 214px\" \/><\/td>\n<td style=\"width: 28.2031%;height: 327px\" width=\"30%\">\n<h4>Fabienne <strong>VIRISSEL<\/strong><\/h4>\n<h4><strong>4\u00e8me Adjointe<\/strong>&nbsp;&nbsp;&nbsp;<\/h4>\n<h4>D\u00e9mocratie participative et \u00e9v\u00e8nementiel &#8211; Lien interg\u00e9n\u00e9rationnel<\/h4>\n<\/td>\n<\/tr>\n<tr style=\"height: 230px\">\n<td style=\"width: 30.2417%;height: 301px\" width=\"18%\"><img loading=\"lazy\" decoding=\"async\" class=\"size-medium wp-image-14959 alignleft\" src=\"https:\/\/cellieu.fr\/press3\/mairie\/wp-content\/uploads\/sites\/2\/2026\/03\/Thierry-300x300.jpg\" alt=\"\" width=\"300\" height=\"300\" srcset=\"https:\/\/cellieu.fr\/press3\/mairie\/wp-content\/uploads\/sites\/2\/2026\/03\/Thierry-300x300.jpg 300w, https:\/\/cellieu.fr\/press3\/mairie\/wp-content\/uploads\/sites\/2\/2026\/03\/Thierry-1024x1024.jpg 1024w, https:\/\/cellieu.fr\/press3\/mairie\/wp-content\/uploads\/sites\/2\/2026\/03\/Thierry-150x150.jpg 150w, https:\/\/cellieu.fr\/press3\/mairie\/wp-content\/uploads\/sites\/2\/2026\/03\/Thierry-768x768.jpg 768w, https:\/\/cellieu.fr\/press3\/mairie\/wp-content\/uploads\/sites\/2\/2026\/03\/Thierry-144x144.jpg 144w, https:\/\/cellieu.fr\/press3\/mairie\/wp-content\/uploads\/sites\/2\/2026\/03\/Thierry-624x624.jpg 624w, https:\/\/cellieu.fr\/press3\/mairie\/wp-content\/uploads\/sites\/2\/2026\/03\/Thierry.jpg 1080w\" sizes=\"auto, (max-width: 300px) 100vw, 300px\" \/><\/td>\n<td style=\"width: 20.6038%;height: 301px\" width=\"28%\">\n<h4>Thierry <strong>CHATAIGNER<\/strong><\/h4>\n<h4><strong>Conseiller d\u00e9l\u00e9gu\u00e9<\/strong><\/h4>\n<h4>Urbanisme- Environnement et cadre de vie &#8211; <span style=\"font-family: inherit;font-size: inherit\">Cimeti\u00e8re<\/span><\/h4>\n<\/td>\n<td style=\"width: 27.9972%;height: 301px\" width=\"20%\"><img loading=\"lazy\" decoding=\"async\" class=\"wp-image-14960 alignleft\" src=\"https:\/\/cellieu.fr\/press3\/mairie\/wp-content\/uploads\/sites\/2\/2026\/03\/Christine-300x300.jpg\" alt=\"\" width=\"265\" height=\"265\" srcset=\"https:\/\/cellieu.fr\/press3\/mairie\/wp-content\/uploads\/sites\/2\/2026\/03\/Christine-300x300.jpg 300w, https:\/\/cellieu.fr\/press3\/mairie\/wp-content\/uploads\/sites\/2\/2026\/03\/Christine-1024x1024.jpg 1024w, https:\/\/cellieu.fr\/press3\/mairie\/wp-content\/uploads\/sites\/2\/2026\/03\/Christine-150x150.jpg 150w, https:\/\/cellieu.fr\/press3\/mairie\/wp-content\/uploads\/sites\/2\/2026\/03\/Christine-768x768.jpg 768w, https:\/\/cellieu.fr\/press3\/mairie\/wp-content\/uploads\/sites\/2\/2026\/03\/Christine-144x144.jpg 144w, https:\/\/cellieu.fr\/press3\/mairie\/wp-content\/uploads\/sites\/2\/2026\/03\/Christine-624x624.jpg 624w, https:\/\/cellieu.fr\/press3\/mairie\/wp-content\/uploads\/sites\/2\/2026\/03\/Christine.jpg 1080w\" sizes=\"auto, (max-width: 265px) 100vw, 265px\" \/><\/td>\n<td style=\"width: 28.2031%;height: 301px\" width=\"30%\">\n<h4>Christine <strong>BESSON<\/strong><\/h4>\n<h4><strong>Conseill\u00e8re d\u00e9l\u00e9gu\u00e9e<\/strong><\/h4>\n<h4>Communication<\/h4>\n<\/td>\n<\/tr>\n<tr style=\"height: 230px\">\n<td style=\"width: 30.2417%;height: 326px\" width=\"18%\"><img loading=\"lazy\" decoding=\"async\" class=\"size-medium wp-image-14961 alignleft\" src=\"https:\/\/cellieu.fr\/press3\/mairie\/wp-content\/uploads\/sites\/2\/2026\/03\/Thomas-300x300.jpg\" alt=\"\" width=\"300\" height=\"300\" srcset=\"https:\/\/cellieu.fr\/press3\/mairie\/wp-content\/uploads\/sites\/2\/2026\/03\/Thomas-300x300.jpg 300w, https:\/\/cellieu.fr\/press3\/mairie\/wp-content\/uploads\/sites\/2\/2026\/03\/Thomas-1024x1024.jpg 1024w, https:\/\/cellieu.fr\/press3\/mairie\/wp-content\/uploads\/sites\/2\/2026\/03\/Thomas-150x150.jpg 150w, https:\/\/cellieu.fr\/press3\/mairie\/wp-content\/uploads\/sites\/2\/2026\/03\/Thomas-768x768.jpg 768w, https:\/\/cellieu.fr\/press3\/mairie\/wp-content\/uploads\/sites\/2\/2026\/03\/Thomas-144x144.jpg 144w, https:\/\/cellieu.fr\/press3\/mairie\/wp-content\/uploads\/sites\/2\/2026\/03\/Thomas-624x624.jpg 624w, https:\/\/cellieu.fr\/press3\/mairie\/wp-content\/uploads\/sites\/2\/2026\/03\/Thomas.jpg 1080w\" sizes=\"auto, (max-width: 300px) 100vw, 300px\" \/><\/td>\n<td style=\"width: 20.6038%;height: 326px\" width=\"28%\">\n<h4>Thomas<strong> COURTINE <\/strong><\/h4>\n<h4><strong>Conseiller d\u00e9l\u00e9gu\u00e9<\/strong><\/h4>\n<h4>Communication -R\u00e9seaux sociaux<\/h4>\n<\/td>\n<td style=\"width: 27.9972%;height: 326px\" width=\"20%\"><img loading=\"lazy\" decoding=\"async\" class=\"wp-image-14962 alignleft\" src=\"https:\/\/cellieu.fr\/press3\/mairie\/wp-content\/uploads\/sites\/2\/2026\/03\/Cecile-300x300.jpg\" alt=\"\" width=\"279\" height=\"279\" srcset=\"https:\/\/cellieu.fr\/press3\/mairie\/wp-content\/uploads\/sites\/2\/2026\/03\/Cecile-300x300.jpg 300w, https:\/\/cellieu.fr\/press3\/mairie\/wp-content\/uploads\/sites\/2\/2026\/03\/Cecile-1024x1024.jpg 1024w, https:\/\/cellieu.fr\/press3\/mairie\/wp-content\/uploads\/sites\/2\/2026\/03\/Cecile-150x150.jpg 150w, https:\/\/cellieu.fr\/press3\/mairie\/wp-content\/uploads\/sites\/2\/2026\/03\/Cecile-768x768.jpg 768w, https:\/\/cellieu.fr\/press3\/mairie\/wp-content\/uploads\/sites\/2\/2026\/03\/Cecile-144x144.jpg 144w, https:\/\/cellieu.fr\/press3\/mairie\/wp-content\/uploads\/sites\/2\/2026\/03\/Cecile-624x624.jpg 624w, https:\/\/cellieu.fr\/press3\/mairie\/wp-content\/uploads\/sites\/2\/2026\/03\/Cecile.jpg 1080w\" sizes=\"auto, (max-width: 279px) 100vw, 279px\" \/><\/td>\n<td style=\"width: 28.2031%;height: 326px\" width=\"30%\">\n<h4>C\u00e9cile <strong>VERNET<\/strong><\/h4>\n<h4><strong>Conseill\u00e8re d\u00e9l\u00e9gu\u00e9e<\/strong><\/h4>\n<h4>Ressources humaines<\/h4>\n<\/td>\n<\/tr>\n<tr style=\"height: 230px\">\n<td style=\"width: 30.2417%;height: 264px\" width=\"18%\"><img loading=\"lazy\" decoding=\"async\" class=\"size-medium wp-image-14963 alignleft\" src=\"https:\/\/cellieu.fr\/press3\/mairie\/wp-content\/uploads\/sites\/2\/2026\/03\/Bernard-300x300.jpg\" alt=\"\" width=\"300\" height=\"300\" srcset=\"https:\/\/cellieu.fr\/press3\/mairie\/wp-content\/uploads\/sites\/2\/2026\/03\/Bernard-300x300.jpg 300w, https:\/\/cellieu.fr\/press3\/mairie\/wp-content\/uploads\/sites\/2\/2026\/03\/Bernard-1024x1024.jpg 1024w, https:\/\/cellieu.fr\/press3\/mairie\/wp-content\/uploads\/sites\/2\/2026\/03\/Bernard-150x150.jpg 150w, https:\/\/cellieu.fr\/press3\/mairie\/wp-content\/uploads\/sites\/2\/2026\/03\/Bernard-768x768.jpg 768w, https:\/\/cellieu.fr\/press3\/mairie\/wp-content\/uploads\/sites\/2\/2026\/03\/Bernard-144x144.jpg 144w, https:\/\/cellieu.fr\/press3\/mairie\/wp-content\/uploads\/sites\/2\/2026\/03\/Bernard-624x624.jpg 624w, https:\/\/cellieu.fr\/press3\/mairie\/wp-content\/uploads\/sites\/2\/2026\/03\/Bernard.jpg 1080w\" sizes=\"auto, (max-width: 300px) 100vw, 300px\" \/><\/td>\n<td style=\"width: 20.6038%;height: 264px\" width=\"28%\">\n<h4>Bernard <strong>MONTEILLER<\/strong><\/h4>\n<h4><strong>Conseiller Municipal<\/strong><\/h4>\n<\/td>\n<td style=\"width: 27.9972%;height: 264px\" width=\"20%\"><img loading=\"lazy\" decoding=\"async\" class=\"wp-image-14964 alignleft\" src=\"https:\/\/cellieu.fr\/press3\/mairie\/wp-content\/uploads\/sites\/2\/2026\/03\/Laurence-300x300.jpg\" alt=\"\" width=\"248\" height=\"248\" srcset=\"https:\/\/cellieu.fr\/press3\/mairie\/wp-content\/uploads\/sites\/2\/2026\/03\/Laurence-300x300.jpg 300w, https:\/\/cellieu.fr\/press3\/mairie\/wp-content\/uploads\/sites\/2\/2026\/03\/Laurence-1024x1024.jpg 1024w, https:\/\/cellieu.fr\/press3\/mairie\/wp-content\/uploads\/sites\/2\/2026\/03\/Laurence-150x150.jpg 150w, https:\/\/cellieu.fr\/press3\/mairie\/wp-content\/uploads\/sites\/2\/2026\/03\/Laurence-768x768.jpg 768w, https:\/\/cellieu.fr\/press3\/mairie\/wp-content\/uploads\/sites\/2\/2026\/03\/Laurence-144x144.jpg 144w, https:\/\/cellieu.fr\/press3\/mairie\/wp-content\/uploads\/sites\/2\/2026\/03\/Laurence-624x624.jpg 624w, https:\/\/cellieu.fr\/press3\/mairie\/wp-content\/uploads\/sites\/2\/2026\/03\/Laurence.jpg 1080w\" sizes=\"auto, (max-width: 248px) 100vw, 248px\" \/><\/td>\n<td style=\"width: 28.2031%;height: 264px\" width=\"30%\">\n<h4>Laurence <strong>PEREZ<\/strong><\/h4>\n<h4><strong>Conseill\u00e8re Municipale<\/strong><\/h4>\n<\/td>\n<\/tr>\n<tr style=\"height: 230px\">\n<td style=\"width: 30.2417%;height: 263px\" width=\"18%\"><img loading=\"lazy\" decoding=\"async\" class=\"size-medium wp-image-14965 alignleft\" src=\"https:\/\/cellieu.fr\/press3\/mairie\/wp-content\/uploads\/sites\/2\/2026\/03\/Jean-Yves-300x300.jpg\" alt=\"\" width=\"300\" height=\"300\" srcset=\"https:\/\/cellieu.fr\/press3\/mairie\/wp-content\/uploads\/sites\/2\/2026\/03\/Jean-Yves-300x300.jpg 300w, https:\/\/cellieu.fr\/press3\/mairie\/wp-content\/uploads\/sites\/2\/2026\/03\/Jean-Yves-1024x1024.jpg 1024w, https:\/\/cellieu.fr\/press3\/mairie\/wp-content\/uploads\/sites\/2\/2026\/03\/Jean-Yves-150x150.jpg 150w, https:\/\/cellieu.fr\/press3\/mairie\/wp-content\/uploads\/sites\/2\/2026\/03\/Jean-Yves-768x768.jpg 768w, https:\/\/cellieu.fr\/press3\/mairie\/wp-content\/uploads\/sites\/2\/2026\/03\/Jean-Yves-144x144.jpg 144w, https:\/\/cellieu.fr\/press3\/mairie\/wp-content\/uploads\/sites\/2\/2026\/03\/Jean-Yves-624x624.jpg 624w, https:\/\/cellieu.fr\/press3\/mairie\/wp-content\/uploads\/sites\/2\/2026\/03\/Jean-Yves.jpg 1080w\" sizes=\"auto, (max-width: 300px) 100vw, 300px\" \/><\/td>\n<td style=\"width: 20.6038%;height: 263px\" width=\"28%\">\n<h4>Jean-Yves <strong>FAYOLLE<\/strong><\/h4>\n<h4><strong>Conseiller Municipal<\/strong><\/h4>\n<\/td>\n<td style=\"width: 27.9972%;height: 263px\" width=\"20%\"><img loading=\"lazy\" decoding=\"async\" class=\"wp-image-14966 alignleft\" src=\"https:\/\/cellieu.fr\/press3\/mairie\/wp-content\/uploads\/sites\/2\/2026\/03\/Marion-300x300.jpg\" alt=\"\" width=\"256\" height=\"256\" srcset=\"https:\/\/cellieu.fr\/press3\/mairie\/wp-content\/uploads\/sites\/2\/2026\/03\/Marion-300x300.jpg 300w, https:\/\/cellieu.fr\/press3\/mairie\/wp-content\/uploads\/sites\/2\/2026\/03\/Marion-1024x1024.jpg 1024w, https:\/\/cellieu.fr\/press3\/mairie\/wp-content\/uploads\/sites\/2\/2026\/03\/Marion-150x150.jpg 150w, https:\/\/cellieu.fr\/press3\/mairie\/wp-content\/uploads\/sites\/2\/2026\/03\/Marion-768x768.jpg 768w, https:\/\/cellieu.fr\/press3\/mairie\/wp-content\/uploads\/sites\/2\/2026\/03\/Marion-144x144.jpg 144w, https:\/\/cellieu.fr\/press3\/mairie\/wp-content\/uploads\/sites\/2\/2026\/03\/Marion-624x624.jpg 624w, https:\/\/cellieu.fr\/press3\/mairie\/wp-content\/uploads\/sites\/2\/2026\/03\/Marion.jpg 1080w\" sizes=\"auto, (max-width: 256px) 100vw, 256px\" \/><\/td>\n<td style=\"width: 28.2031%;height: 263px\" width=\"30%\">\n<h4>Marion <strong>MAYOLLET<\/strong><\/h4>\n<h4><strong>Conseill\u00e8re Municipale<\/strong><\/h4>\n<\/td>\n<\/tr>\n<tr style=\"height: 230px\">\n<td style=\"width: 30.2417%;height: 291px\" width=\"18%\"><img loading=\"lazy\" decoding=\"async\" class=\"size-medium wp-image-14967 alignleft\" src=\"https:\/\/cellieu.fr\/press3\/mairie\/wp-content\/uploads\/sites\/2\/2026\/03\/Jacques-300x300.jpg\" alt=\"\" width=\"300\" height=\"300\" srcset=\"https:\/\/cellieu.fr\/press3\/mairie\/wp-content\/uploads\/sites\/2\/2026\/03\/Jacques-300x300.jpg 300w, https:\/\/cellieu.fr\/press3\/mairie\/wp-content\/uploads\/sites\/2\/2026\/03\/Jacques-1024x1024.jpg 1024w, https:\/\/cellieu.fr\/press3\/mairie\/wp-content\/uploads\/sites\/2\/2026\/03\/Jacques-150x150.jpg 150w, https:\/\/cellieu.fr\/press3\/mairie\/wp-content\/uploads\/sites\/2\/2026\/03\/Jacques-768x768.jpg 768w, https:\/\/cellieu.fr\/press3\/mairie\/wp-content\/uploads\/sites\/2\/2026\/03\/Jacques-144x144.jpg 144w, https:\/\/cellieu.fr\/press3\/mairie\/wp-content\/uploads\/sites\/2\/2026\/03\/Jacques-624x624.jpg 624w, https:\/\/cellieu.fr\/press3\/mairie\/wp-content\/uploads\/sites\/2\/2026\/03\/Jacques.jpg 1080w\" sizes=\"auto, (max-width: 300px) 100vw, 300px\" \/><\/td>\n<td style=\"width: 20.6038%;height: 291px\" width=\"28%\">\n<h4>Jacques <strong>BRUYERE <\/strong><\/h4>\n<h4><strong>Conseiller Municipal<\/strong><\/h4>\n<\/td>\n<td style=\"width: 27.9972%;height: 291px\" width=\"20%\"><img loading=\"lazy\" decoding=\"async\" class=\"wp-image-14968 alignleft\" src=\"https:\/\/cellieu.fr\/press3\/mairie\/wp-content\/uploads\/sites\/2\/2026\/03\/Martine-300x300.jpg\" alt=\"\" width=\"264\" height=\"264\" srcset=\"https:\/\/cellieu.fr\/press3\/mairie\/wp-content\/uploads\/sites\/2\/2026\/03\/Martine-300x300.jpg 300w, https:\/\/cellieu.fr\/press3\/mairie\/wp-content\/uploads\/sites\/2\/2026\/03\/Martine-1024x1024.jpg 1024w, https:\/\/cellieu.fr\/press3\/mairie\/wp-content\/uploads\/sites\/2\/2026\/03\/Martine-150x150.jpg 150w, https:\/\/cellieu.fr\/press3\/mairie\/wp-content\/uploads\/sites\/2\/2026\/03\/Martine-768x768.jpg 768w, https:\/\/cellieu.fr\/press3\/mairie\/wp-content\/uploads\/sites\/2\/2026\/03\/Martine-144x144.jpg 144w, https:\/\/cellieu.fr\/press3\/mairie\/wp-content\/uploads\/sites\/2\/2026\/03\/Martine-624x624.jpg 624w, https:\/\/cellieu.fr\/press3\/mairie\/wp-content\/uploads\/sites\/2\/2026\/03\/Martine.jpg 1080w\" sizes=\"auto, (max-width: 264px) 100vw, 264px\" \/><\/td>\n<td style=\"width: 28.2031%;height: 291px\" width=\"30%\">\n<h4>Martine <strong>CAVALLER<\/strong><\/h4>\n<h4><strong>Conseill\u00e8re Municipale<\/strong><\/h4>\n<\/td>\n<\/tr>\n<tr style=\"height: 230px\">\n<td style=\"width: 30.2417%;height: 270px\" width=\"18%\"><img loading=\"lazy\" decoding=\"async\" class=\"size-medium wp-image-14969 alignleft\" src=\"https:\/\/cellieu.fr\/press3\/mairie\/wp-content\/uploads\/sites\/2\/2026\/03\/Raphael-300x300.jpg\" alt=\"\" width=\"300\" height=\"300\" srcset=\"https:\/\/cellieu.fr\/press3\/mairie\/wp-content\/uploads\/sites\/2\/2026\/03\/Raphael-300x300.jpg 300w, https:\/\/cellieu.fr\/press3\/mairie\/wp-content\/uploads\/sites\/2\/2026\/03\/Raphael-1024x1024.jpg 1024w, https:\/\/cellieu.fr\/press3\/mairie\/wp-content\/uploads\/sites\/2\/2026\/03\/Raphael-150x150.jpg 150w, https:\/\/cellieu.fr\/press3\/mairie\/wp-content\/uploads\/sites\/2\/2026\/03\/Raphael-768x768.jpg 768w, https:\/\/cellieu.fr\/press3\/mairie\/wp-content\/uploads\/sites\/2\/2026\/03\/Raphael-144x144.jpg 144w, https:\/\/cellieu.fr\/press3\/mairie\/wp-content\/uploads\/sites\/2\/2026\/03\/Raphael-624x624.jpg 624w, https:\/\/cellieu.fr\/press3\/mairie\/wp-content\/uploads\/sites\/2\/2026\/03\/Raphael.jpg 1080w\" sizes=\"auto, (max-width: 300px) 100vw, 300px\" \/><\/td>\n<td style=\"width: 20.6038%;height: 270px\" width=\"28%\">\n<h4>Rapha\u00ebl<strong> THEYSSIER<\/strong><\/h4>\n<h4><strong>Conseiller Municipal<\/strong><\/h4>\n<\/td>\n<td style=\"width: 27.9972%;height: 270px\" width=\"20%\"><img loading=\"lazy\" decoding=\"async\" class=\"wp-image-14970 alignleft\" src=\"https:\/\/cellieu.fr\/press3\/mairie\/wp-content\/uploads\/sites\/2\/2026\/03\/Laure-300x300.jpg\" alt=\"\" width=\"259\" height=\"259\" srcset=\"https:\/\/cellieu.fr\/press3\/mairie\/wp-content\/uploads\/sites\/2\/2026\/03\/Laure-300x300.jpg 300w, https:\/\/cellieu.fr\/press3\/mairie\/wp-content\/uploads\/sites\/2\/2026\/03\/Laure-1024x1024.jpg 1024w, https:\/\/cellieu.fr\/press3\/mairie\/wp-content\/uploads\/sites\/2\/2026\/03\/Laure-150x150.jpg 150w, https:\/\/cellieu.fr\/press3\/mairie\/wp-content\/uploads\/sites\/2\/2026\/03\/Laure-768x768.jpg 768w, https:\/\/cellieu.fr\/press3\/mairie\/wp-content\/uploads\/sites\/2\/2026\/03\/Laure-144x144.jpg 144w, https:\/\/cellieu.fr\/press3\/mairie\/wp-content\/uploads\/sites\/2\/2026\/03\/Laure-624x624.jpg 624w, https:\/\/cellieu.fr\/press3\/mairie\/wp-content\/uploads\/sites\/2\/2026\/03\/Laure.jpg 1080w\" sizes=\"auto, (max-width: 259px) 100vw, 259px\" \/><\/td>\n<td style=\"width: 28.2031%;height: 270px\" width=\"30%\">\n<h4>Laure <strong>COUZON<\/strong><\/h4>\n<h4><strong>Conseill\u00e8re Municipale<\/strong><\/h4>\n<\/td>\n<\/tr>\n<tr style=\"height: 267px\">\n<td style=\"width: 30.2417%;height: 267px\" width=\"18%\"><img loading=\"lazy\" decoding=\"async\" class=\"size-medium wp-image-14971 alignleft\" src=\"https:\/\/cellieu.fr\/press3\/mairie\/wp-content\/uploads\/sites\/2\/2026\/03\/Ludovic-DAMIZET-258x300.jpg\" alt=\"\" width=\"258\" height=\"300\" srcset=\"https:\/\/cellieu.fr\/press3\/mairie\/wp-content\/uploads\/sites\/2\/2026\/03\/Ludovic-DAMIZET-258x300.jpg 258w, https:\/\/cellieu.fr\/press3\/mairie\/wp-content\/uploads\/sites\/2\/2026\/03\/Ludovic-DAMIZET-768x894.jpg 768w, https:\/\/cellieu.fr\/press3\/mairie\/wp-content\/uploads\/sites\/2\/2026\/03\/Ludovic-DAMIZET-624x727.jpg 624w, https:\/\/cellieu.fr\/press3\/mairie\/wp-content\/uploads\/sites\/2\/2026\/03\/Ludovic-DAMIZET.jpg 803w\" sizes=\"auto, (max-width: 258px) 100vw, 258px\" \/><\/td>\n<td style=\"width: 20.6038%;height: 267px\" width=\"28%\">\n<h4>Ludovic <strong>DAMIZET<\/strong><\/h4>\n<h4><strong>Conseiller Municipal<\/strong><\/h4>\n<\/td>\n<td style=\"width: 27.9972%;height: 267px\" width=\"20%\"><img loading=\"lazy\" decoding=\"async\" class=\"wp-image-14972 alignleft\" src=\"https:\/\/cellieu.fr\/press3\/mairie\/wp-content\/uploads\/sites\/2\/2026\/03\/Catherine-DAVID-265x300.jpg\" alt=\"\" width=\"259\" height=\"294\" srcset=\"https:\/\/cellieu.fr\/press3\/mairie\/wp-content\/uploads\/sites\/2\/2026\/03\/Catherine-DAVID-265x300.jpg 265w, https:\/\/cellieu.fr\/press3\/mairie\/wp-content\/uploads\/sites\/2\/2026\/03\/Catherine-DAVID-768x871.jpg 768w, https:\/\/cellieu.fr\/press3\/mairie\/wp-content\/uploads\/sites\/2\/2026\/03\/Catherine-DAVID-624x708.jpg 624w, https:\/\/cellieu.fr\/press3\/mairie\/wp-content\/uploads\/sites\/2\/2026\/03\/Catherine-DAVID.jpg 843w\" sizes=\"auto, (max-width: 259px) 100vw, 259px\" \/><\/td>\n<td style=\"width: 28.2031%;height: 267px\" width=\"30%\">\n<h4>Catherine<strong> DAVID<\/strong><\/h4>\n<h4><strong>Conseill\u00e8re Municipale<\/strong><\/h4>\n<\/td>\n<\/tr>\n<\/tbody>\n<\/table>\n<p>&nbsp;<\/p>\n<p>&nbsp;<\/p>\n","protected":false},"excerpt":{"rendered":"<p>&nbsp; &nbsp; Madame le Maire Corinne BESSON-FAYOLLE &nbsp; G\u00e9rard BOUJOUR 1\u00e8re Adjoint&nbsp;&nbsp; &nbsp;Finances-R\u00e9seaux-Voirie-Agriculture &nbsp; Fran\u00e7oise BOULAT 2\u00e8me Adjointe&nbsp;&nbsp; Enfance-culture-vie associative. &nbsp; &nbsp; &nbsp; Michel ROYET 3\u00e8me Adjoint&nbsp;&nbsp;&nbsp; B\u00e2timents&nbsp; Fabienne VIRISSEL 4\u00e8me Adjointe&nbsp;&nbsp;&nbsp; D\u00e9mocratie participative et \u00e9v\u00e8nementiel &#8211; Lien interg\u00e9n\u00e9rationnel Thierry CHATAIGNER Conseiller d\u00e9l\u00e9gu\u00e9 Urbanisme- Environnement et cadre de vie &#8211; Cimeti\u00e8re Christine BESSON Conseill\u00e8re d\u00e9l\u00e9gu\u00e9e [&hellip;]<\/p>\n","protected":false},"author":2,"featured_media":0,"parent":0,"menu_order":0,"comment_status":"closed","ping_status":"closed","template":"","meta":{"wikipediapreview_detectlinks":true,"ngg_post_thumbnail":0,"footnotes":""},"class_list":["post-967","page","type-page","status-publish","hentry"],"jetpack_sharing_enabled":true,"_links":{"self":[{"href":"https:\/\/cellieu.fr\/press3\/mairie\/wp-json\/wp\/v2\/pages\/967","targetHints":{"allow":["GET"]}}],"collection":[{"href":"https:\/\/cellieu.fr\/press3\/mairie\/wp-json\/wp\/v2\/pages"}],"about":[{"href":"https:\/\/cellieu.fr\/press3\/mairie\/wp-json\/wp\/v2\/types\/page"}],"author":[{"embeddable":true,"href":"https:\/\/cellieu.fr\/press3\/mairie\/wp-json\/wp\/v2\/users\/2"}],"replies":[{"embeddable":true,"href":"https:\/\/cellieu.fr\/press3\/mairie\/wp-json\/wp\/v2\/comments?post=967"}],"version-history":[{"count":56,"href":"https:\/\/cellieu.fr\/press3\/mairie\/wp-json\/wp\/v2\/pages\/967\/revisions"}],"predecessor-version":[{"id":15074,"href":"https:\/\/cellieu.fr\/press3\/mairie\/wp-json\/wp\/v2\/pages\/967\/revisions\/15074"}],"wp:attachment":[{"href":"https:\/\/cellieu.fr\/press3\/mairie\/wp-json\/wp\/v2\/media?parent=967"}],"curies":[{"name":"wp","href":"https:\/\/api.w.org\/{rel}","templated":true}]}}