{"id":2631,"date":"2025-04-25T18:08:44","date_gmt":"2025-04-25T17:08:44","guid":{"rendered":"https:\/\/cellieu.fr\/press3\/skcc\/?page_id=2631"},"modified":"2026-08-22T10:19:49","modified_gmt":"2026-08-22T09:19:49","slug":"accueil","status":"publish","type":"page","link":"https:\/\/cellieu.fr\/press3\/skcc\/accueil\/","title":{"rendered":"Accueil"},"content":{"rendered":"<div style=\"max-width: 900px;margin: 2em auto;background: #fff;padding: 2em;border-radius: 12px;font-family: 'Segoe UI', sans-serif;line-height: 1.6;color: #333\">\n<h1 style=\"color: #d40000;text-align: center\">Bienvenue au <strong>S<\/strong>eigyo <strong>K<\/strong>arat\u00e9 <strong>C<\/strong>lub de <strong>C<\/strong>ellieu<\/h1>\n<h3 style=\"text-align: center\">Depuis plus de 40 ans, notre club forme des pratiquants de tous \u00e2ges dans un esprit de respect, de ma\u00eetrise de soi et de progression. Nous proposons des cours de karat\u00e9 traditionnel, contact, body karat\u00e9 et plus encore.<\/h3>\n<div style=\"background-color: #fff3f3;border-radius: 8px;padding: 1.5em;margin: 2em 0;text-align: center\">\n<h3 style=\"margin-top: 0;color: #d40000\">Actualit\u00e9s, r\u00e9sultats &amp; \u00e9v\u00e9nements<\/h3>\n<p>Suivez les performances de nos comp\u00e9titeurs, les \u00e9v\u00e9nements du club, et tous les moments forts du SKCC<\/p>\n<p><img loading=\"lazy\" decoding=\"async\" class=\"aligncenter wp-image-3274 size-full\" src=\"https:\/\/cellieu.fr\/press3\/skcc\/wp-content\/uploads\/sites\/3\/2026\/08\/reprise-des-cours-1.jpg\" alt=\"\" width=\"1024\" height=\"1536\" srcset=\"https:\/\/cellieu.fr\/press3\/skcc\/wp-content\/uploads\/sites\/3\/2026\/08\/reprise-des-cours-1.jpg 1024w, https:\/\/cellieu.fr\/press3\/skcc\/wp-content\/uploads\/sites\/3\/2026\/08\/reprise-des-cours-1-200x300.jpg 200w, https:\/\/cellieu.fr\/press3\/skcc\/wp-content\/uploads\/sites\/3\/2026\/08\/reprise-des-cours-1-683x1024.jpg 683w, https:\/\/cellieu.fr\/press3\/skcc\/wp-content\/uploads\/sites\/3\/2026\/08\/reprise-des-cours-1-768x1152.jpg 768w, https:\/\/cellieu.fr\/press3\/skcc\/wp-content\/uploads\/sites\/3\/2026\/08\/reprise-des-cours-1-1x1.jpg 1w\" sizes=\"auto, (max-width: 1024px) 100vw, 1024px\" \/><\/p>\n<h2 style=\"color: #d40000\"><a href=\"https:\/\/cellieu.fr\/press3\/skcc\/category\/non-classe\/\">Rejoignez-nous<\/a><\/h2>\n<\/div>\n<h2 style=\"color: #d40000\">Infos pratiques<\/h2>\n<ul style=\"padding: 0\">\n<li style=\"margin-bottom: 0.5em\"><strong>Lieu :<\/strong> Dojo de Cellieu (complexe sportif)<\/li>\n<li style=\"margin-bottom: 0.5em\"><strong>Reprise des cours :<\/strong> lundi 7 septembre 2026<\/li>\n<li style=\"margin-bottom: 0.5em\"><strong>Horaires :<\/strong> se pr\u00e9senter aux horaires des cours<\/li>\n<li><strong data-start=\"207\" data-end=\"244\">&#x1f4e9; Recevez les actualit\u00e9s du SKCC<\/strong><br data-start=\"244\" data-end=\"247\">Informations sur les cours, stages, comp\u00e9titions, \u00e9v\u00e9nements&nbsp; du club.<br data-start=\"304\" data-end=\"307\"><a href=\"https:\/\/cellieu.fr\/press3\/skcc\/contact\/lettre-dinformations\/\"><strong data-start=\"307\" data-end=\"336\" data-is-only-node=\"\">S\u2019abonner \u00e0 la newsletter<\/strong><\/a><\/li>\n<\/ul>\n<\/div>\n","protected":false},"excerpt":{"rendered":"<p>Bienvenue au Seigyo Karat\u00e9 Club de Cellieu Depuis plus de 40 ans, notre club forme des pratiquants de tous \u00e2ges dans un esprit de respect, de ma\u00eetrise de soi et de progression. Nous proposons des cours de karat\u00e9 traditionnel, contact, body karat\u00e9 et plus encore. Actualit\u00e9s, r\u00e9sultats &amp; \u00e9v\u00e9nements Suivez les performances de nos comp\u00e9titeurs, [&hellip;]<\/p>\n","protected":false},"author":30,"featured_media":2582,"parent":0,"menu_order":0,"comment_status":"closed","ping_status":"closed","template":"","meta":{"ngg_post_thumbnail":0,"footnotes":""},"class_list":["post-2631","page","type-page","status-publish","has-post-thumbnail","hentry"],"jetpack_sharing_enabled":true,"jetpack_shortlink":"https:\/\/wp.me\/P51Dek-Gr","_links":{"self":[{"href":"https:\/\/cellieu.fr\/press3\/skcc\/wp-json\/wp\/v2\/pages\/2631","targetHints":{"allow":["GET"]}}],"collection":[{"href":"https:\/\/cellieu.fr\/press3\/skcc\/wp-json\/wp\/v2\/pages"}],"about":[{"href":"https:\/\/cellieu.fr\/press3\/skcc\/wp-json\/wp\/v2\/types\/page"}],"author":[{"embeddable":true,"href":"https:\/\/cellieu.fr\/press3\/skcc\/wp-json\/wp\/v2\/users\/30"}],"replies":[{"embeddable":true,"href":"https:\/\/cellieu.fr\/press3\/skcc\/wp-json\/wp\/v2\/comments?post=2631"}],"version-history":[{"count":149,"href":"https:\/\/cellieu.fr\/press3\/skcc\/wp-json\/wp\/v2\/pages\/2631\/revisions"}],"predecessor-version":[{"id":3279,"href":"https:\/\/cellieu.fr\/press3\/skcc\/wp-json\/wp\/v2\/pages\/2631\/revisions\/3279"}],"wp:featuredmedia":[{"embeddable":true,"href":"https:\/\/cellieu.fr\/press3\/skcc\/wp-json\/wp\/v2\/media\/2582"}],"wp:attachment":[{"href":"https:\/\/cellieu.fr\/press3\/skcc\/wp-json\/wp\/v2\/media?parent=2631"}],"curies":[{"name":"wp","href":"https:\/\/api.w.org\/{rel}","templated":true}]}}